{"id":306,"date":"2017-12-28T21:54:51","date_gmt":"2017-12-28T21:54:51","guid":{"rendered":"http:\/\/phdphil.ffri.hr\/?page_id=306"},"modified":"2025-12-22T13:57:55","modified_gmt":"2025-12-22T13:57:55","slug":"program","status":"publish","type":"page","link":"https:\/\/phdphil.ffri.hr\/?page_id=306","title":{"rendered":"O Programu"},"content":{"rendered":"\n<p class=\"has-text-align-left\"><\/p>\n\n\n<p><\/p>\n<p style=\"text-align: left;\"><\/p>\n\n\n<p class=\"has-text-align-left\">Doktorski studij \u2018Filozofija i suvremenost\u2019 studijski je program pri Odsjeku za filozofiju, Sveu\u010dili\u0161ta u Rijeci. Studij je u teorijskom smislu primarno analiti\u010dki orijentiran. Budu\u0107i da se analiti\u010dka filozofija u svijetu ubrzano razvija i \u0161iri raspon svojih tema javlja se potreba za u\u017eim usmjeravanjem studenata na podru\u010dju analiti\u010dke filozofije radi pra\u0107enja i sudjelovanja u suvremenim svjetskim trendovima unutar filozofske znanosti. Analiti\u010dka usmjerenost studija \u010dini studij atraktivnim znatnom broju studenata koji su se u svom dodiplomskom i diplomskom studiju upoznali s ovom vrstom filozofije te je \u017eele produbiti i pro\u0161iriti kroz istovrsni doktorski studijski program<\/p>\n\n\n\n<p class=\"has-text-align-left\">Druga karakteristika analiti\u010dke filozofije je njena otvorenost ka interdisciplinarnosti.<br>Njena disciplinarnost izlazi iz domene tradicionalnih filozofskih podru\u010dja i doti\u010de podru\u010dja pojedinih znanosti<br>(filozofija znanosti), umjetni\u010dkog djelovanja (filozofija umjetnosti), psihologije i kognitivnih znanosti (filozofija<br>uma), politike i op\u0107enito, racionalnog djelovanja. Utoliko je zna\u010dajna karakteristika studija interdisciplinarnost.<\/p>\n\n\n\n<p><a href=\"https:\/\/ffri.uniri.hr\/wp-content\/uploads\/FIL_program_poslijediplomski_2021-4.pdf\">STUDIJSKI PROGRAM<\/a><\/p>\n\n\n\n<p class=\"has-text-align-left\"><\/p>\n\n\n<p>\u00a0<\/p>\n<p><strong>Obranjene doktorske disertacije<\/strong><\/p>\n<p>2025.<\/p>\n<p>Ante Debeljuh: <a href=\"http:\/\/phdphil.ffri.hr\/wp-content\/uploads\/2025\/12\/IDONEL_Ante-Debeljuh-doktorski-rad-14.11.25.pdf\"><em>In Defence of Normal Epistemic Logic\/ U obranu normalne epistemi\u010dke logike<\/em><\/a><\/p>\n<p>Iva Martini\u0107: <a href=\"http:\/\/phdphil.ffri.hr\/wp-content\/uploads\/2025\/06\/DOKTORAT-Iva_Martinic_FIN.pdf\">Justice and Plural Capabilities for Non-Reasonable and Non-Rational Beings\/ Pravednost i pluralne sposobnosti za nerazlo\u017ene i neracionalne subjekte<\/a><\/p>\n<p>Julija Perhat: <a href=\"http:\/\/phdphil.ffri.hr\/wp-content\/uploads\/2025\/03\/doktorski-rad_Perhat-03-25.pdf\">The Case of Gender Pejoratives: the Sematic, Ethical and Political Dimension\/rodne pogrdnice: semanti\u010dka, eti\u010dka i politi\u010dka dimenzija<\/a><\/p>\n<p>2024.<\/p>\n<p>Lovro Grgi\u0107: <a href=\"http:\/\/phdphil.ffri.hr\/wp-content\/uploads\/2024\/10\/Lovro-Grgic-disertacija.pdf\">Barbari, despoti i sloboda govora: politi\u010dki legitimitet i \u201epravo na otpor\u201c u Kantovoj prakti\u010dnoj filozofiji\u00a0<\/a><\/p>\n<p>Vito Balorda: <a href=\"http:\/\/phdphil.ffri.hr\/wp-content\/uploads\/2024\/04\/PhD-THESIS_VITO-BALORDA.pdf\">Uzro\u010dno obja\u0161njenje u molekularnoj biologiji\/ The Causal Explanation in Molecular Biology<\/a><\/p>\n<p>Nikolina Smiljani\u0107: <a href=\"http:\/\/phdphil.ffri.hr\/wp-content\/uploads\/2024\/01\/NIkolina_rad_-finalno-2023-lektorirani-18.12.23..pdf\"><em>Kriti\u010dka evaluacija procesa utvr\u0111ivanja istine kao podloge (kaznenog) prava \/ The Process of Establishing the Truth as the Basis of Criminal Law; A Critical Evaluation <\/em><\/a><\/p>\n<p>2023.<\/p>\n<p>Tamara Crnko: \u00a0<a role=\"link\" href=\"https:\/\/ffri.uniri.hr\/wp-content\/uploads\/Doktorski_rad-T_Crnko.pdf\" data-type=\"URL\" data-id=\"https:\/\/ffri.uniri.hr\/wp-content\/uploads\/Doktorski_rad-T_Crnko.pdf\">Self-determination and Immigration: the Right to Exclude in the Context of Global Justice\/ Samoodre\u0111enje i imigracija: pravo na isklju\u010denje u kontekstu globalne pravednosti<\/a><\/p>\n<p>Aneli Dragojevi\u0107 Mijatovi\u0107: <a href=\"https:\/\/ffri.uniri.hr\/wp-content\/uploads\/Doktorski_rad-A_Dragojevic_Mijatovic.pdf\">MISAO JOHNA MAYNARDA KEYNESA U KONTEKSTU BRITANSKE FILOZOFSKE TRADICIJE<\/a><\/p>\n<p>Biturajac Mia: <em><a href=\"http:\/\/phdphil.ffri.hr\/wp-content\/uploads\/2023\/02\/2022-12-13-Mental-Disorders-and-the-Notion-of-Harm_Final.pdf\">Mental Disorders and the Notion of Harm (Mentalni poreme\u0107aji i pojam \u0161tete)<\/a><\/em><\/p>\n<p>Luka\u010d Matija: <a href=\"http:\/\/phdphil.ffri.hr\/wp-content\/uploads\/2023\/02\/2022-09.23-Matija-L-doktorska-disertacija-ML-LEKTORIRANO.pdf\">PRIMJENA REVIDIRANE LISTE SIMPTOMA PSIHOPATIJE U HRVATSKOM PRAVOSUDNOM I ZDRAVSTVENOM SUSTAVU \u2013 FILOZOFSKA ANALIZA<\/a><\/p>\n<p>\u00a0<\/p>\n<p>2022.<\/p>\n<p>Ani\u0107 Zvonimir: <a href=\"https:\/\/dr.nsk.hr\/islandora\/object\/ffri%3A3103\"><em>Mechanisms and Mechanistic Reasoning in Medicine<\/em><\/a><\/p>\n<p>Smokrovi\u0107 Ana: <a href=\"https:\/\/dr.nsk.hr\/en\/islandora\/object\/ffri%3A3114\"><em>Ecological Epistemology and Epistemic Justice \u2013 the Example of Food<\/em><\/a><\/p>\n<p>Uzuni\u0107 Mislav: <a href=\"https:\/\/dr.nsk.hr\/islandora\/object\/ffri%3A3102\"><em>Hermeneuti\u010dko-fenomenolo\u0161ka analiza strukture znanstvenog istra\u017eivanja<\/em><\/a><\/p>\n<p>\u00a0<\/p>\n<p>2021.\u00a0<\/p>\n<p>Cerovac Ivan: <a href=\"https:\/\/dr.nsk.hr\/islandora\/object\/ffri:3022\"><em>J. S. Mill i epistemi\u010dko opravdanje demokracije<\/em><\/a><\/p>\n<p>Czerny Urban Milica: <a href=\"https:\/\/dr.nsk.hr\/islandora\/object\/ffri%3A3021\"><em>Vrijednost umjetnosti i pitanje nemoralnih umjetni\u010dkih djela<\/em><\/a><\/p>\n<p>Gjura\u0161in Matko: <a href=\"https:\/\/dr.nsk.hr\/islandora\/object\/ffri%3A3025\"><em>Aksiolo\u0161ki neuzro\u010dni libertarijanizam Elly Ebenspanger<\/em><\/a><\/p>\n<p>Mileti\u0107 Tomislav: <a href=\"https:\/\/dr.nsk.hr\/islandora\/object\/ffri:3024\"><em>Simbioza \u010dovjeka i umjetne inteligencije: mogu\u0107nost moralne nadogradnje<\/em><\/a><\/p>\n<p>\u00a0<\/p>\n<p>2020.<\/p>\n<p>Gr\u010dki David: <a href=\"https:\/\/dr.nsk.hr\/islandora\/object\/ffri:2709\"><em>Planiranje, razlozi i racionalnost kroz vrijeme<\/em><\/a><\/p>\n<p>Leki\u0107 Barun\u010di\u0107 Kristina: <a href=\"https:\/\/dr.nsk.hr\/islandora\/object\/ffri%3A2721\"><em>Filozofske perspektive autizma: epistemi\u010dke, molralne i politi\u010dke<\/em><\/a><\/p>\n<p>Zub\u010di\u0107 Marko-Luka: <a href=\"https:\/\/dr.nsk.hr\/islandora\/object\/ffri:2656\"><em>Odre\u0111ene osnove dizajna i procjene dru\u0161tvenih epistemi\u010dkih sustava: agentski suboptimalizam, instrumentalni pluralizam i univerzalna inkluzija<\/em><\/a><\/p>\n<p>Ba\u0161i\u0107 Han\u017eek Gabriela: <a href=\"https:\/\/dr.nsk.hr\/islandora\/object\/ffri:2657\"><em>Teorija argumentacije: izme\u0111u pragmadijalektike i epistemolo\u0161kih pristupa<\/em><\/a><\/p>\n<p>\u00a0<\/p>\n<p>2018.<\/p>\n<p>Brzovi\u0107 Zdenka: <a href=\"https:\/\/dr.nsk.hr\/islandora\/object\/ffri%3A1699\"><em>Prirodne vrste u biomedicinskim znanostima: Epistemolo\u0161ki i ontolo\u0161ki aspekti<\/em><\/a><\/p>\n<p>Skelac Ines: <a href=\"https:\/\/dr.nsk.hr\/islandora\/object\/ffri%3A1641\"><em>Logika i ljudsko zaklju\u010divanje<\/em><\/a><\/p>\n<p>\u00a0<\/p>\n<p>2017.\u00a0<\/p>\n<p>Mihalovi\u0107 Zvonko: <a href=\"https:\/\/dr.nsk.hr\/islandora\/object\/ffri%3A1647\"><em>Priroda braka i moralni status preljuba<\/em><\/a><\/p>\n<p>Ble\u010di\u0107 Martina: <a href=\"https:\/\/dr.nsk.hr\/islandora\/object\/ffri:1097\"><em>Pragmaepistemologija &#8211; Inplikacije neizravne komunikacije<\/em><\/a><\/p>\n<p>\u00a0<\/p>\n<p>2016.\u00a0<\/p>\n<p>Mi\u0161kulin Inka: <a href=\"https:\/\/dr.nsk.hr\/islandora\/object\/ffri:1130\"><em>Epistemologija vrline u psihoterapiji<\/em><\/a><\/p>\n<p>Jurjako Marko: <a href=\"https:\/\/dr.nsk.hr\/en\/islandora\/object\/ffri%3A1646\"><em>Reasons: A Naturalistic Explanation<\/em><\/a><\/p>\n<p>\u00a0<\/p>\n<p>2014.\u00a0<\/p>\n<p>Biondi\u0107 Marin: <a href=\"https:\/\/dr.nsk.hr\/islandora\/object\/ffri%3A348\"><em>Priroda i vrijednost prenatalnog i postmortalnog nepostojanja<\/em><\/a><\/p>\n<p>\u00a0<\/p>\n<p>2013.<\/p>\n<p>\u010ce\u010d Filip: <a href=\"https:\/\/dr.nsk.hr\/islandora\/object\/svkri%3A2995\"><em>Libertarijanisti\u010dka teorija slobode volje<\/em><\/a><\/p>\n<p>Vidmar Iris: <a href=\"https:\/\/dr.nsk.hr\/en\/islandora\/object\/svkri%3A2706\"><em>Priroda fikcijskog svjedo\u010danstva i njegova uloga u postizanju, ispunjavanju i promicanju epistemolo\u0161kih ciljeva i vrijednosti<\/em><\/a><\/p>\n<p>\u00a0<\/p>\n<p>2012.<\/p>\n<p>Zeli\u010d Neboj\u0161a: <em>Ideja javnoga uma<\/em><\/p>\n<p>\u00a0<\/p>\n<p>2010.<\/p>\n<p>Peraica Ana: <a href=\"https:\/\/dr.nsk.hr\/islandora\/object\/svkri%3A3601\"><em>Fotografija kao dokaz<\/em><\/a><\/p>\n<p>\u00a0<\/p>","protected":false},"excerpt":{"rendered":"<p>Doktorski studij \u2018Filozofija i suvremenost\u2019 studijski je program pri Odsjeku za filozofiju, Sveu\u010dili\u0161ta u Rijeci. Studij je u teorijskom smislu primarno analiti\u010dki orijentiran. Budu\u0107i da se analiti\u010dka filozofija u svijetu ubrzano razvija i \u0161iri raspon svojih tema javlja se potreba za u\u017eim usmjeravanjem studenata na podru\u010dju analiti\u010dke filozofije radi pra\u0107enja i sudjelovanja u suvremenim svjetskim &hellip; <a href=\"https:\/\/phdphil.ffri.hr\/?page_id=306\">Continue reading <span class=\"meta-nav\">&rarr;<\/span><\/a><\/p>\n","protected":false},"author":1,"featured_media":0,"parent":0,"menu_order":0,"comment_status":"closed","ping_status":"closed","template":"","meta":[],"_links":{"self":[{"href":"https:\/\/phdphil.ffri.hr\/index.php?rest_route=\/wp\/v2\/pages\/306"}],"collection":[{"href":"https:\/\/phdphil.ffri.hr\/index.php?rest_route=\/wp\/v2\/pages"}],"about":[{"href":"https:\/\/phdphil.ffri.hr\/index.php?rest_route=\/wp\/v2\/types\/page"}],"author":[{"embeddable":true,"href":"https:\/\/phdphil.ffri.hr\/index.php?rest_route=\/wp\/v2\/users\/1"}],"replies":[{"embeddable":true,"href":"https:\/\/phdphil.ffri.hr\/index.php?rest_route=%2Fwp%2Fv2%2Fcomments&post=306"}],"version-history":[{"count":38,"href":"https:\/\/phdphil.ffri.hr\/index.php?rest_route=\/wp\/v2\/pages\/306\/revisions"}],"predecessor-version":[{"id":688,"href":"https:\/\/phdphil.ffri.hr\/index.php?rest_route=\/wp\/v2\/pages\/306\/revisions\/688"}],"wp:attachment":[{"href":"https:\/\/phdphil.ffri.hr\/index.php?rest_route=%2Fwp%2Fv2%2Fmedia&parent=306"}],"curies":[{"name":"wp","href":"https:\/\/api.w.org\/{rel}","templated":true}]}}